{"id":11883,"date":"2023-10-26T17:04:32","date_gmt":"2023-10-26T17:04:32","guid":{"rendered":"https:\/\/old.hafnarborg.is\/?post_type=event&#038;p=11883"},"modified":"2023-10-26T17:04:32","modified_gmt":"2023-10-26T17:04:32","slug":"landscape-for-the-chosen-ones-curatorial-talk","status":"publish","type":"event","link":"https:\/\/old.hafnarborg.is\/en\/event\/landscape-for-the-chosen-ones-curatorial-talk\/","title":{"rendered":"Landscape for the Chosen Ones \u2013 Curatorial Talk"},"content":{"rendered":"<p><strong>Sunday November 5th at 2 p.m.,<\/strong>\u00a0we invite you to a curatorial talk of our autumn exhibition,\u00a0<em>Landscape for the Chosen Ones<\/em>, with\u00a0<strong>Eva L\u00edn Vilhj\u00e1lmsd\u00f3ttir<\/strong> and <strong>Odda J\u00fal\u00eda Snorrad\u00f3ttir<\/strong>.<\/p>\n<p>The exhibition explores the aesthetics of escapism. We live in a time of overwhelming and drastic changes within a society that increasingly expects individuals to take personal responsibility for global issues. Therefore, escapism has become intertwined with everyday life, yet its manifestations are multifaceted, although they often reflect the situations they are sprouted from.<\/p>\n<p>The participating artists are Arna Beth, Fritz Hendrik IV, Margr\u00e9t Helga Sesseljud\u00f3ttir, S\u00f3l Hansd\u00f3ttir, Vikram Pradhan, B\u00edb\u00ed S\u00f6ring and \u00der\u00e1ndur J\u00f3hannsson, but the exhibition also features works by Eir\u00edkur Smith, Patrick Huse and Sigrid Valtingojer from the collection of Hafnarborg and the AS\u00cd Art Museum.<\/p>\n<p><strong>Free entry \u2013 everyone welcome.<\/strong><\/p>\n","protected":false},"excerpt":{"rendered":"<p>Sunday November 5th at 2 p.m.,\u00a0we invite you to a curatorial talk of our autumn exhibition,\u00a0Landscape for the Chosen Ones, with\u00a0Eva L\u00edn Vilhj\u00e1lmsd\u00f3ttir and Odda J\u00fal\u00eda Snorrad\u00f3ttir. The exhibition explores the aesthetics of escapism. We live in a time of overwhelming and drastic changes within a society that increasingly expects individuals to take personal responsibility [&hellip;]<\/p>\n","protected":false},"author":6,"featured_media":11881,"menu_order":89,"template":"","format":"standard","class_list":["post-11883","event","type-event","status-publish","format-standard","has-post-thumbnail","hentry"],"acf":[],"_links":{"self":[{"href":"https:\/\/old.hafnarborg.is\/en\/wp-json\/wp\/v2\/event\/11883","targetHints":{"allow":["GET"]}}],"collection":[{"href":"https:\/\/old.hafnarborg.is\/en\/wp-json\/wp\/v2\/event"}],"about":[{"href":"https:\/\/old.hafnarborg.is\/en\/wp-json\/wp\/v2\/types\/event"}],"author":[{"embeddable":true,"href":"https:\/\/old.hafnarborg.is\/en\/wp-json\/wp\/v2\/users\/6"}],"version-history":[{"count":1,"href":"https:\/\/old.hafnarborg.is\/en\/wp-json\/wp\/v2\/event\/11883\/revisions"}],"predecessor-version":[{"id":11884,"href":"https:\/\/old.hafnarborg.is\/en\/wp-json\/wp\/v2\/event\/11883\/revisions\/11884"}],"wp:featuredmedia":[{"embeddable":true,"href":"https:\/\/old.hafnarborg.is\/en\/wp-json\/wp\/v2\/media\/11881"}],"wp:attachment":[{"href":"https:\/\/old.hafnarborg.is\/en\/wp-json\/wp\/v2\/media?parent=11883"}],"curies":[{"name":"wp","href":"https:\/\/api.w.org\/{rel}","templated":true}]}}