{"id":13859,"date":"2025-06-05T16:10:58","date_gmt":"2025-06-05T16:10:58","guid":{"rendered":"https:\/\/old.hafnarborg.is\/?post_type=event&#038;p=13859"},"modified":"2025-06-26T14:51:45","modified_gmt":"2025-06-26T14:51:45","slug":"the-hafnarborg-songfest-2025-programme","status":"publish","type":"event","link":"https:\/\/old.hafnarborg.is\/en\/event\/the-hafnarborg-songfest-2025-programme\/","title":{"rendered":"The Hafnarborg Songfest 2025 &#8211; Programme"},"content":{"rendered":"<p><strong>The Hafnarborg Songfest<\/strong> will take place for the ninth time from <strong>June 14th\u201329th 2025<\/strong>. The Songfest is dedicated to classical music, art song, opera and choral music. The purpose of The Songfest is to celebrate vocal music and increase knowledge of the voice through concerts and courses.<\/p>\n<p>At The Hafnarborg Songfest this year, there will be eight concerts, featuring outstanding vocalists and instrumentalists, in addition to a number of courses for children and adults, beginners as well as advanced singers. The founders and directors of The Songfest are Gu\u00f0r\u00fan J\u00f3hanna \u00d3lafsd\u00f3ttir, mezzo-soprano, and Francisco Javier J\u00e1uregui, classical guitarist.<\/p>\n<hr \/>\n<h4><strong>Programme<\/strong><\/h4>\n<p><strong>Saturday June 14th at 5 p.m.<br \/>\n<\/strong>Rannveig K\u00e1rad\u00f3ttir, soprano<br \/>\nPeter Aisher, tenor<br \/>\nHr\u00f6nn \u00der\u00e1insd\u00f3ttir, piano<\/p>\n<p><strong>Sunday June 15th at 5 p.m.<br \/>\n<\/strong>M\u00f3tettuk\u00f3rinn<br \/>\nStefan Sand, conductor<\/p>\n<p><strong>Saturday June 21st at 5 p.m.<br \/>\n<\/strong>Kristinn Sigmundsson, bass<br \/>\nSigr\u00fan Hj\u00e1lmt\u00fdsd\u00f3ttir, Didd\u00fa, soprano<br \/>\nAu\u00f0ur Gunnarsd\u00f3ttir, soprano<br \/>\nGu\u00f0r\u00fan J\u00f3hanna \u00d3lafsd\u00f3ttir, mezzo-soprano<br \/>\nHr\u00f6nn \u00der\u00e1insd\u00f3ttir, piano<br \/>\nHelga Brynd\u00eds Magn\u00fasd\u00f3ttir, piano<br \/>\nFrancisco Javier J\u00e1uregui, guitar<\/p>\n<p><strong>Sunday June 22nd at 5 p.m.<br \/>\n<\/strong>J\u00f3na G. Kolbr\u00fanard\u00f3ttir, soprano<br \/>\nKrist\u00edn Sveinsd\u00f3ttir, mezzo-soprano<br \/>\nUnnsteinn \u00c1rnason, bass<br \/>\nEva \u00deyri Hilmarsd\u00f3ttir, piano<\/p>\n<p><strong>Thursday June 26th at 8 p.m.<br \/>\n<\/strong>Participants from Kristinn Sigmundsson\u2019s master class will perform various arias and vocal works<br \/>\nHelga Brynd\u00eds Magn\u00fasd\u00f3ttir, piano<\/p>\n<p><strong>Friday June 27th at 5 p.m.<br \/>\nFamily Concert <\/strong><strong>(free entry)<br \/>\n<\/strong>Hanna \u00c1g\u00fasta Olgeirsd\u00f3ttir, soprano<br \/>\nSigr\u00ed\u00f0ur \u00c1sta Olgeirsd\u00f3ttir, soprano<\/p>\n<p><strong>Saturday June 28th at 5 p.m.<br \/>\n<\/strong><strong>One\u2019s for Sorrow, Two\u2019s for Joy<br \/>\n<\/strong>Trio Tr\u00ebi from Basel:<br \/>\nMaria Miribung, vocals and cello<br \/>\nGizem \u015eim\u015fek, vocals<br \/>\nAb\u00e9lia Nordmann, vocals<\/p>\n<p><strong>Sunday June 29th at 5 p.m.<br \/>\n<\/strong>Brynd\u00eds Gu\u00f0j\u00f3nsd\u00f3ttir, soprano<br \/>\nEggert Reginn Kjartansson, tenor<br \/>\nGu\u00f0r\u00fan J\u00f3hanna \u00d3lafsd\u00f3ttir, mezzo-soprano<br \/>\nJ\u00f3hann Kristinsson, baritone<br \/>\nElena Postumi, piano<\/p>\n<hr \/>\n<p><em>For more information about The Hafnarborg Songfest, tickets, concerts and courses, please visit the official website at <a href=\"https:\/\/www.songhatid.com\/\" target=\"_blank\" rel=\"noopener noreferrer\">www.songhatid.com<\/a>. Tickets are sold via <a href=\"http:\/\/www.tix.is\" target=\"_blank\" rel=\"noopener\">www.tix.is<\/a>. The Songfest is supported by the Town of Hafnarfj\u00f6r\u00f0ur, the Rann\u00eds Music Fund and the F\u00cdH Culture Fund.<\/em><\/p>\n","protected":false},"excerpt":{"rendered":"<p>The Hafnarborg Songfest will take place for the ninth time from June 14th\u201329th 2025. The Songfest is dedicated to classical music, art song, opera and choral music. The purpose of The Songfest is to celebrate vocal music and increase knowledge of the voice through concerts and courses. At The Hafnarborg Songfest this year, there will [&hellip;]<\/p>\n","protected":false},"author":6,"featured_media":11549,"menu_order":0,"template":"","format":"standard","class_list":["post-13859","event","type-event","status-publish","format-standard","has-post-thumbnail","hentry"],"acf":[],"_links":{"self":[{"href":"https:\/\/old.hafnarborg.is\/en\/wp-json\/wp\/v2\/event\/13859","targetHints":{"allow":["GET"]}}],"collection":[{"href":"https:\/\/old.hafnarborg.is\/en\/wp-json\/wp\/v2\/event"}],"about":[{"href":"https:\/\/old.hafnarborg.is\/en\/wp-json\/wp\/v2\/types\/event"}],"author":[{"embeddable":true,"href":"https:\/\/old.hafnarborg.is\/en\/wp-json\/wp\/v2\/users\/6"}],"version-history":[{"count":3,"href":"https:\/\/old.hafnarborg.is\/en\/wp-json\/wp\/v2\/event\/13859\/revisions"}],"predecessor-version":[{"id":13916,"href":"https:\/\/old.hafnarborg.is\/en\/wp-json\/wp\/v2\/event\/13859\/revisions\/13916"}],"wp:featuredmedia":[{"embeddable":true,"href":"https:\/\/old.hafnarborg.is\/en\/wp-json\/wp\/v2\/media\/11549"}],"wp:attachment":[{"href":"https:\/\/old.hafnarborg.is\/en\/wp-json\/wp\/v2\/media?parent=13859"}],"curies":[{"name":"wp","href":"https:\/\/api.w.org\/{rel}","templated":true}]}}