{"id":2437,"date":"2015-08-07T15:46:44","date_gmt":"2015-08-07T15:46:44","guid":{"rendered":"http:\/\/hafnarborg.wpengine.com\/?post_type=event&#038;p=2437"},"modified":"2015-08-07T16:03:55","modified_gmt":"2015-08-07T16:03:55","slug":"artist-talk-claudia-hausfeld-and-petur-thomsen","status":"publish","type":"event","link":"https:\/\/old.hafnarborg.is\/en\/event\/artist-talk-claudia-hausfeld-and-petur-thomsen\/","title":{"rendered":"Artist talk &#8211; Claudia Hausfeld and P\u00e9tur Thomsen"},"content":{"rendered":"<p><strong>Sunday August 9th\u00a0at 2\u00a0p.m.<\/strong>\u00a0Claudia Hausfeld and P\u00e9tur Thomsen\u00a0will have a<b>\u00a0<\/b>talk with museum guests and\u00a0discuss their work in the exhibition <em>No Site<\/em> now on display at Hafnarborg\u2019s main gallery. The talk will be in Icelandic.<\/p>\n<p><em>Note that the exhibition No Site will close earlier that day, at 4 p.m. due to a\u00a090-year birthday reception in the museum\u00a0for\u00a0the Icelandic painter Eir\u00edkur Smith (b. 1925). We apologize for any inconvenience this may cause. \u00a0<\/em><\/p>\n<p>The exhibition <em>No site<\/em> is an exhibition of the works of eight artists\u00a0living in Iceland who are turning their gaze towards Icelandic nature. Bj\u00f6rn \u00c1rnason, Claudia Hausfeld, Daniel Reuter, Edda Fransisca Kjarval, Ingvar H\u00f6gni Ragnarsson, Katr\u00edn Elvarsd\u00f3ttir, P\u00e9tur Thomsen and Stuart Richardson all work with photography as a medium. The works are all made in the timespan 2008 \u2013 2015.<\/p>\n<p>The curators are <strong>\u00c1slaug \u00cdris Fri\u00f0j\u00f3nsd\u00f3ttir<\/strong> and\u00a0<strong>Unnur Mj\u00f6ll S. Leifsd\u00f3ttir<\/strong>.<\/p>\n","protected":false},"excerpt":{"rendered":"<p>Sunday August 9th\u00a0at 2\u00a0p.m.\u00a0Claudia Hausfeld and P\u00e9tur Thomsen\u00a0will have a\u00a0talk with museum guests and\u00a0discuss their work in the exhibition No Site now on display at Hafnarborg\u2019s main gallery. The talk will be in Icelandic. Note that the exhibition No Site will close earlier that day, at 4 p.m. due to a\u00a090-year birthday reception in the [&hellip;]<\/p>\n","protected":false},"author":5,"featured_media":2322,"menu_order":291,"template":"","format":"standard","class_list":["post-2437","event","type-event","status-publish","format-standard","has-post-thumbnail","hentry"],"acf":[],"_links":{"self":[{"href":"https:\/\/old.hafnarborg.is\/en\/wp-json\/wp\/v2\/event\/2437","targetHints":{"allow":["GET"]}}],"collection":[{"href":"https:\/\/old.hafnarborg.is\/en\/wp-json\/wp\/v2\/event"}],"about":[{"href":"https:\/\/old.hafnarborg.is\/en\/wp-json\/wp\/v2\/types\/event"}],"author":[{"embeddable":true,"href":"https:\/\/old.hafnarborg.is\/en\/wp-json\/wp\/v2\/users\/5"}],"version-history":[{"count":0,"href":"https:\/\/old.hafnarborg.is\/en\/wp-json\/wp\/v2\/event\/2437\/revisions"}],"wp:featuredmedia":[{"embeddable":true,"href":"https:\/\/old.hafnarborg.is\/en\/wp-json\/wp\/v2\/media\/2322"}],"wp:attachment":[{"href":"https:\/\/old.hafnarborg.is\/en\/wp-json\/wp\/v2\/media?parent=2437"}],"curies":[{"name":"wp","href":"https:\/\/api.w.org\/{rel}","templated":true}]}}