{"id":2890,"date":"2015-11-17T11:28:29","date_gmt":"2015-11-17T11:28:29","guid":{"rendered":"http:\/\/hafnarborg.wpengine.com\/?post_type=event&#038;p=2890"},"modified":"2015-11-17T12:04:45","modified_gmt":"2015-11-17T12:04:45","slug":"christmas-singing","status":"publish","type":"event","link":"https:\/\/old.hafnarborg.is\/en\/event\/christmas-singing\/","title":{"rendered":"Christmas singing"},"content":{"rendered":"<p><strong>Saturday, December 5th<\/strong>, music and festive spirits will fill the air here in Hafnarborg when choirs from all over Hafnarfj\u00f6r\u00f0ur will gather and sing one after another throughout the whole day. This is the nintineth yearthis event is held.<\/p>\n<p>Hafnarborg&#8217;s current exhibition will not be open that day because of the concert.<\/p>\n<p>The schedule is following:<\/p>\n<p>09.20-09.40 \u00a0\u00a0<strong>Leiksk\u00f3linn Nor\u00f0urberg\u00a0<\/strong><\/p>\n<p>09.40-10.00\u00a0\u00a0\u00a0\u00a0<strong>K\u00f3r Setbergssk\u00f3la<\/strong><\/p>\n<p>10.00-10:20\u00a0 \u00a0\u00a0<strong>Leiksk\u00f3linn Hvammur<\/strong><\/p>\n<p>10:20-10:40 \u00a0\u00a0 <strong>Leiksk\u00f3linn \u00c1lfasteinn<\/strong><\/p>\n<p>10:40-11:00 \u00a0 \u00a0<strong>Leiksk\u00f3linn\u00a0Stekkjar\u00e1s<\/strong><\/p>\n<p>11:00-11:20\u00a0\u00a0\u00a0 <strong>K\u00f3r\u00a0L\u00e6kjarsk\u00f3la<\/strong><\/p>\n<p>11.20-11:40<strong>\u00a0 \u00a0\u00a0Leiksk\u00f3linn Brekkuhvammur<\/strong><\/p>\n<p>11:40-12:00\u00a0\u00a0\u00a0\u00a0<strong>Hraunvallask\u00f3li (leiksk\u00f3li)<\/strong><\/p>\n<p>12:00-12:20 \u00a0\u00a0\u00a0<strong>K\u00f3r \u00c1slandssk\u00f3la<\/strong><\/p>\n<p>12:20-12:40\u00a0\u00a0\u00a0\u00a0<strong>Kvennak\u00f3r Hafnarfjar\u00f0ar<\/strong><\/p>\n<p>12:40-13:00\u00a0\u00a0\u00a0\u00a0<strong>Graflarak\u00f3rinn<\/strong><\/p>\n<p>13:00-13:20\u00a0\u00a0\u00a0\u00a0<strong>Litli k\u00f3r \u00d6ldut\u00fanssk\u00f3la<\/strong><\/p>\n<p>13:20-13:40\u00a0\u00a0\u00a0\u00a0<strong>K\u00f3r \u00d6ldut\u00fanssk\u00f3la<\/strong><\/p>\n<p>13:40-14:00<strong>\u00a0 \u00a0\u00a0K\u00f3r Flensborgarsk\u00f3lans og Flensborgark\u00f3rinn<\/strong><\/p>\n<p>14:00-14:20<strong>\u00a0 \u00a0\u00a0Gospelk\u00f3r \u00c1stjarnarkirkju<\/strong><\/p>\n<p>14:20-14:40\u00a0\u00a0\u00a0\u00a0<strong>Karlak\u00f3r eldri \u00ferestir<\/strong><\/p>\n<p>14:40-15:00 \u00a0 \u00a0<strong>Kvennak\u00f3rinn R\u00f3si<\/strong>r<\/p>\n<p>15:00-15:20\u00a0\u00a0\u00a0\u00a0<strong>Hrafnistuk\u00f3rinn<\/strong><\/p>\n<p>15:20-15:40\u00a0\u00a0\u00a0\u00a0<strong>Barna- og unglingak\u00f3r Hafnarfjar\u00f0arkirkju<\/strong><\/p>\n<p>15:40-16:00 \u00a0 \u00a0<strong>Kammerk\u00f3r Hafnarfjar\u00f0ar<\/strong><\/p>\n","protected":false},"excerpt":{"rendered":"<p>Saturday, December 5th, music and festive spirits will fill the air here in Hafnarborg when choirs from all over Hafnarfj\u00f6r\u00f0ur will gather and sing one after another throughout the whole day. This is the nintineth yearthis event is held. Hafnarborg&#8217;s current exhibition will not be open that day because of the concert. The schedule is [&hellip;]<\/p>\n","protected":false},"author":5,"featured_media":2886,"menu_order":280,"template":"","format":"standard","class_list":["post-2890","event","type-event","status-publish","format-standard","has-post-thumbnail","hentry"],"acf":[],"_links":{"self":[{"href":"https:\/\/old.hafnarborg.is\/en\/wp-json\/wp\/v2\/event\/2890","targetHints":{"allow":["GET"]}}],"collection":[{"href":"https:\/\/old.hafnarborg.is\/en\/wp-json\/wp\/v2\/event"}],"about":[{"href":"https:\/\/old.hafnarborg.is\/en\/wp-json\/wp\/v2\/types\/event"}],"author":[{"embeddable":true,"href":"https:\/\/old.hafnarborg.is\/en\/wp-json\/wp\/v2\/users\/5"}],"version-history":[{"count":0,"href":"https:\/\/old.hafnarborg.is\/en\/wp-json\/wp\/v2\/event\/2890\/revisions"}],"wp:featuredmedia":[{"embeddable":true,"href":"https:\/\/old.hafnarborg.is\/en\/wp-json\/wp\/v2\/media\/2886"}],"wp:attachment":[{"href":"https:\/\/old.hafnarborg.is\/en\/wp-json\/wp\/v2\/media?parent=2890"}],"curies":[{"name":"wp","href":"https:\/\/api.w.org\/{rel}","templated":true}]}}