{"id":3416,"date":"2016-05-26T10:35:46","date_gmt":"2016-05-26T10:35:46","guid":{"rendered":"http:\/\/hafnarborg.wpengine.com\/?post_type=event&#038;p=3416"},"modified":"2016-05-26T10:35:46","modified_gmt":"2016-05-26T10:35:46","slug":"curators-talk-2","status":"publish","type":"event","link":"https:\/\/old.hafnarborg.is\/en\/event\/curators-talk-2\/","title":{"rendered":"Curator&#8217;s talk"},"content":{"rendered":"<p><strong>Sunday, May 29th at 2 p.m.<\/strong> guests of the museum are invited to a curator&#8217;s talk in regards to,\u00a0<em>Traces of Water,<\/em> the exhibition now on view at Hafarnborg&#8217;s main gallery. Then \u00c1g\u00fasta Krist\u00f3fersd\u00f3ttir, the museum director and one of the two curators of the exhibition, will discuss the idea behind the show.<\/p>\n<p>The artists included in the exhibition are: Anna R\u00fan Tryggvad\u00f3ttir, Florence Lam, Harpa \u00c1rnad\u00f3ttir, Hulda Stef\u00e1nsd\u00f3ttir, John Zurier and\u00a0Margr\u00e9t H. Bl\u00f6ndal. They all have it in common that they work with traces of water in their works where color, water and it&#8217;s evaporation are among subjects.<\/p>\n<p>Curators are \u00c1g\u00fasta Krist\u00f3fersd\u00f3ttir and Birgir Sn\u00e6bj\u00f6rn Birgisson.<\/p>\n","protected":false},"excerpt":{"rendered":"<p>Sunday, May 29th at 2 p.m. guests of the museum are invited to a curator&#8217;s talk in regards to,\u00a0Traces of Water, the exhibition now on view at Hafarnborg&#8217;s main gallery. Then \u00c1g\u00fasta Krist\u00f3fersd\u00f3ttir, the museum director and one of the two curators of the exhibition, will discuss the idea behind the show. The artists included [&hellip;]<\/p>\n","protected":false},"author":5,"featured_media":3406,"menu_order":273,"template":"","format":"standard","class_list":["post-3416","event","type-event","status-publish","format-standard","has-post-thumbnail","hentry"],"acf":[],"_links":{"self":[{"href":"https:\/\/old.hafnarborg.is\/en\/wp-json\/wp\/v2\/event\/3416","targetHints":{"allow":["GET"]}}],"collection":[{"href":"https:\/\/old.hafnarborg.is\/en\/wp-json\/wp\/v2\/event"}],"about":[{"href":"https:\/\/old.hafnarborg.is\/en\/wp-json\/wp\/v2\/types\/event"}],"author":[{"embeddable":true,"href":"https:\/\/old.hafnarborg.is\/en\/wp-json\/wp\/v2\/users\/5"}],"version-history":[{"count":0,"href":"https:\/\/old.hafnarborg.is\/en\/wp-json\/wp\/v2\/event\/3416\/revisions"}],"wp:featuredmedia":[{"embeddable":true,"href":"https:\/\/old.hafnarborg.is\/en\/wp-json\/wp\/v2\/media\/3406"}],"wp:attachment":[{"href":"https:\/\/old.hafnarborg.is\/en\/wp-json\/wp\/v2\/media?parent=3416"}],"curies":[{"name":"wp","href":"https:\/\/api.w.org\/{rel}","templated":true}]}}